{"version":"1.0","provider_name":"VanLife Campers","provider_url":"https:\/\/www.vanlifecampers.com\/fr\/","author_name":"Martin Lambert","author_url":"https:\/\/www.vanlifecampers.com\/fr\/author\/martinlambertvanlifecampers-com\/","title":"FanPlus : La ventilation r\u00e9volutionnaire pour van am\u00e9nag\u00e9 | VanLife Campers","type":"rich","width":600,"height":338,"html":"<blockquote class=\"wp-embedded-content\" data-secret=\"MwGEtyiTA9\"><a href=\"https:\/\/www.vanlifecampers.com\/fr\/blog\/fanplus-the-revolutionary-ventilation-for-campervans\/\">FanPlus : La ventilation r\u00e9volutionnaire pour van am\u00e9nag\u00e9<\/a><\/blockquote><iframe sandbox=\"allow-scripts\" security=\"restricted\" src=\"https:\/\/www.vanlifecampers.com\/fr\/blog\/fanplus-the-revolutionary-ventilation-for-campervans\/embed\/#?secret=MwGEtyiTA9\" width=\"600\" height=\"338\" title=\"\u00ab\u00a0FanPlus : La ventilation r\u00e9volutionnaire pour van am\u00e9nag\u00e9\u00a0\u00bb &#8212; VanLife Campers\" data-secret=\"MwGEtyiTA9\" frameborder=\"0\" marginwidth=\"0\" marginheight=\"0\" scrolling=\"no\" class=\"wp-embedded-content\"><\/iframe><script>\n\/*! This file is auto-generated *\/\n!function(d,l){\"use strict\";l.querySelector&&d.addEventListener&&\"undefined\"!=typeof URL&&(d.wp=d.wp||{},d.wp.receiveEmbedMessage||(d.wp.receiveEmbedMessage=function(e){var t=e.data;if((t||t.secret||t.message||t.value)&&!\/[^a-zA-Z0-9]\/.test(t.secret)){for(var s,r,n,a=l.querySelectorAll('iframe[data-secret=\"'+t.secret+'\"]'),o=l.querySelectorAll('blockquote[data-secret=\"'+t.secret+'\"]'),c=new RegExp(\"^https?:$\",\"i\"),i=0;i<o.length;i++)o[i].style.display=\"none\";for(i=0;i<a.length;i++)s=a[i],e.source===s.contentWindow&&(s.removeAttribute(\"style\"),\"height\"===t.message?(1e3<(r=parseInt(t.value,10))?r=1e3:~~r<200&&(r=200),s.height=r):\"link\"===t.message&&(r=new URL(s.getAttribute(\"src\")),n=new URL(t.value),c.test(n.protocol))&&n.host===r.host&&l.activeElement===s&&(d.top.location.href=t.value))}},d.addEventListener(\"message\",d.wp.receiveEmbedMessage,!1),l.addEventListener(\"DOMContentLoaded\",function(){for(var e,t,s=l.querySelectorAll(\"iframe.wp-embedded-content\"),r=0;r<s.length;r++)(t=(e=s[r]).getAttribute(\"data-secret\"))||(t=Math.random().toString(36).substring(2,12),e.src+=\"#?secret=\"+t,e.setAttribute(\"data-secret\",t)),e.contentWindow.postMessage({message:\"ready\",secret:t},\"*\")},!1)))}(window,document);\n\/\/# sourceURL=https:\/\/www.vanlifecampers.com\/wp-includes\/js\/wp-embed.min.js\n<\/script>\n","thumbnail_url":"https:\/\/www.vanlifecampers.com\/wp-content\/uploads\/2026\/04\/AIR_PLUS-8.jpg","thumbnail_width":800,"thumbnail_height":533,"description":"Lorsqu\u2019on vit la vanlife, le confort et la qualit\u00e9 de l\u2019air \u00e0 l\u2019int\u00e9rieur de son v\u00e9hicule sont essentiels. C\u2019est pourquoi le ventilateur FanPlus s\u2019impose comme une solution incontournable pour tous les propri\u00e9taires de vans am\u00e9nag\u00e9s Classe B. Ultra-performant et con\u00e7u pour r\u00e9pondre aux besoins des vanlifers, il se distingue par ses fonctionnalit\u00e9s innovantes."}